{"id":10,"date":"2018-01-17T12:08:34","date_gmt":"2018-01-17T11:08:34","guid":{"rendered":"http:\/\/bernarduchene.org\/?page_id=10"},"modified":"2019-03-11T12:12:57","modified_gmt":"2019-03-11T11:12:57","slug":"fils-liens-et-tissus-2","status":"publish","type":"page","link":"https:\/\/bernarduchene.org\/index.php\/fils-liens-et-tissus-2\/","title":{"rendered":"Fils, liens et tissus"},"content":{"rendered":"<h5>Le lien est le fil conducteur de mon travail.<\/h5>\n<h2>Aujourd\u2019hui je couds mes toiles,<br \/>\nles fils sont l\u00e0 pour retenir les \u00e9l\u00e9ments et les enserrer dans un cocon.<br \/>\nLa couture assemble, r\u00e9pare, retient.<br \/>\nLes fils peints ont pris corps et sont devenus r\u00e9alit\u00e9.<br \/>\nJe r\u00e9alise des corsages de fils et de tissus, des robes all\u00e9goriques, un manteau protecteur,<br \/>\nune robe messag\u00e8re en fil de nylon.<\/h2>\n<figure id=\"attachment_569\" aria-describedby=\"caption-attachment-569\" style=\"width: 286px\" class=\"wp-caption alignleft\"><img loading=\"lazy\" decoding=\"async\" class=\"wp-image-569 zoooom\" src=\"https:\/\/bernarduchene.org\/wp-content\/uploads\/2019\/03\/Arbre-gard\u00e9-92x73-238x300.jpg\" alt=\"\" width=\"286\" height=\"361\" srcset=\"https:\/\/bernarduchene.org\/wp-content\/uploads\/2019\/03\/Arbre-gard\u00e9-92x73-238x300.jpg 238w, https:\/\/bernarduchene.org\/wp-content\/uploads\/2019\/03\/Arbre-gard\u00e9-92x73.jpg 500w\" sizes=\"(max-width: 286px) 100vw, 286px\" \/><figcaption id=\"caption-attachment-569\" class=\"wp-caption-text\">Arbre gard\u00e9 (92&#215;73)<\/figcaption><\/figure>\n<p>&nbsp;<\/p>\n<h2 style=\"text-align: center;\"><\/h2>\n<p style=\"text-align: center;\">\r\n\t\t\t\t\t\n\r\n\t\t\t\t\t<!-- START UNITE GALLERY 1.7.62 -->\r\n\t\t\t\t\t\r\n\t\t\t\t\n\t\t\t<div id='unitegallery_4_1' class='unite-gallery' style='margin:0px auto;'>\n\t\t\t\t\n\n\t\t\t\t\t\t<img alt=\"Bouleau pleureur (50X38)\"\n\t\t\t\t\t\t     src=\"\" data-image=\"https:\/\/bernarduchene.org\/wp-content\/uploads\/2024\/04\/Bouleau-pleureur-1.jpg\"\n\t\t\t\t\t\t     data-thumb=\"https:\/\/bernarduchene.org\/wp-content\/uploads\/2024\/04\/Bouleau-pleureur-1-195x300.jpg\"\n\t\t\t\t\t\t     title=\"\"\n\t\t\t\t\t\t     style=\"display:none\">\n\n\t\t\t\t\t\t<img alt=\"LOlivier du Vatican (60X60)\"\n\t\t\t\t\t\t     src=\"\" data-image=\"https:\/\/bernarduchene.org\/wp-content\/uploads\/2024\/04\/LOlivier-du-Vatican-1.jpg\"\n\t\t\t\t\t\t     data-thumb=\"https:\/\/bernarduchene.org\/wp-content\/uploads\/2024\/04\/LOlivier-du-Vatican-1-300x300.jpg\"\n\t\t\t\t\t\t     title=\"\"\n\t\t\t\t\t\t     style=\"display:none\">\n\n\t\t\t\t\t\t<img alt=\"Rattacher (50X38)\"\n\t\t\t\t\t\t     src=\"\" data-image=\"https:\/\/bernarduchene.org\/wp-content\/uploads\/2024\/04\/Rattacher-1.jpg\"\n\t\t\t\t\t\t     data-thumb=\"https:\/\/bernarduchene.org\/wp-content\/uploads\/2024\/04\/Rattacher-1-300x226.jpg\"\n\t\t\t\t\t\t     title=\"\"\n\t\t\t\t\t\t     style=\"display:none\">\n\n\t\t\t\t\t\t<img alt=\"Arbre en triptyque (70X170)\"\n\t\t\t\t\t\t     src=\"\" data-image=\"https:\/\/bernarduchene.org\/wp-content\/uploads\/2024\/04\/Arbre-en-triptyque-1.jpg\"\n\t\t\t\t\t\t     data-thumb=\"https:\/\/bernarduchene.org\/wp-content\/uploads\/2024\/04\/Arbre-en-triptyque-1-144x300.jpg\"\n\t\t\t\t\t\t     title=\"\"\n\t\t\t\t\t\t     style=\"display:none\">\n\n\t\t\t\t\t\t<img alt=\"A Maulevrier (120X60)\"\n\t\t\t\t\t\t     src=\"\" data-image=\"https:\/\/bernarduchene.org\/wp-content\/uploads\/2024\/04\/A-Maulevrier.jpg\"\n\t\t\t\t\t\t     data-thumb=\"https:\/\/bernarduchene.org\/wp-content\/uploads\/2024\/04\/A-Maulevrier-154x300.jpg\"\n\t\t\t\t\t\t     title=\"\"\n\t\t\t\t\t\t     style=\"display:none\">\n\n\t\t\t\t\t\t<img alt=\"Neuf carr\u00e9s cousus (113X113)\"\n\t\t\t\t\t\t     src=\"\" data-image=\"https:\/\/bernarduchene.org\/wp-content\/uploads\/2024\/04\/Neuf-carres-cousus.jpg\"\n\t\t\t\t\t\t     data-thumb=\"https:\/\/bernarduchene.org\/wp-content\/uploads\/2024\/04\/Neuf-carres-cousus-300x300.jpg\"\n\t\t\t\t\t\t     title=\"\"\n\t\t\t\t\t\t     style=\"display:none\">\n\n\t\t\t\t\t\t<img alt=\"Une vie (76X113)\"\n\t\t\t\t\t\t     src=\"\" data-image=\"https:\/\/bernarduchene.org\/wp-content\/uploads\/2024\/04\/Une-vie-1.jpg\"\n\t\t\t\t\t\t     data-thumb=\"https:\/\/bernarduchene.org\/wp-content\/uploads\/2024\/04\/Une-vie-1-300x200.jpg\"\n\t\t\t\t\t\t     title=\"\"\n\t\t\t\t\t\t     style=\"display:none\">\n\n\t\t\t\t\t\t<img alt=\"En for\u00eat (30X30)\"\n\t\t\t\t\t\t     src=\"\" data-image=\"https:\/\/bernarduchene.org\/wp-content\/uploads\/2024\/04\/En-Foret.jpg\"\n\t\t\t\t\t\t     data-thumb=\"https:\/\/bernarduchene.org\/wp-content\/uploads\/2024\/04\/En-Foret-300x300.jpg\"\n\t\t\t\t\t\t     title=\"\"\n\t\t\t\t\t\t     style=\"display:none\">\n\n\t\t\t\t\t\t<img alt=\"Hiver \u00e0 Bourth (30X60)\"\n\t\t\t\t\t\t     src=\"\" data-image=\"https:\/\/bernarduchene.org\/wp-content\/uploads\/2024\/04\/Hiver-a-Bourth.jpg\"\n\t\t\t\t\t\t     data-thumb=\"https:\/\/bernarduchene.org\/wp-content\/uploads\/2024\/04\/Hiver-a-Bourth-149x300.jpg\"\n\t\t\t\t\t\t     title=\"\"\n\t\t\t\t\t\t     style=\"display:none\">\n\n\t\t\t\t\t\t<img alt=\"Le refuge (30X30)\"\n\t\t\t\t\t\t     src=\"\" data-image=\"https:\/\/bernarduchene.org\/wp-content\/uploads\/2024\/04\/Le-Refuge-1.jpg\"\n\t\t\t\t\t\t     data-thumb=\"https:\/\/bernarduchene.org\/wp-content\/uploads\/2024\/04\/Le-Refuge-1-300x300.jpg\"\n\t\t\t\t\t\t     title=\"\"\n\t\t\t\t\t\t     style=\"display:none\">\n\t\t\t<\/div>\n\n\t\t\t<script type='text\/javascript'>\n\t\t\t\twindow.onload = function(e) {\n\t\t\t\t\tif(typeof ugCheckForErrors == \"undefined\"){\n\t\t\t\t\t\tdocument.getElementById(\"unitegallery_4_1\").innerHTML = \"<span style='color:red'>Unite Gallery Error - gallery js and css files not included in the footer. Please make sure that wp_footer() function is added to your theme.<\/span>\";}\n\t\t\t\t\telse{ ugCheckForErrors(\"unitegallery_4_1\", \"jquery\");}\n\t\t\t\t};\n\t\t\t<\/script>\n\n\t\t\t<!-- END UNITEGALLERY --><\/p>\n<p>&nbsp;<\/p>\n<p style=\"text-align: center;\">\r\n\t\t\t\t\t\n\r\n\t\t\t\t\t<!-- START UNITE GALLERY 1.7.62 -->\r\n\t\t\t\t\t\r\n\t\t\t\t\n\t\t\t<div id='unitegallery_19_2' class='unite-gallery' style='margin:0px auto;'>\n\t\t\t\t\n\n\t\t\t\t\t\t<img alt=\"La Messag\u00e8re\"\n\t\t\t\t\t\t     src=\"\" data-image=\"https:\/\/bernarduchene.org\/wp-content\/uploads\/2019\/02\/thumbnail_La-Messag\u00e8re.jpg\"\n\t\t\t\t\t\t     data-thumb=\"https:\/\/bernarduchene.org\/wp-content\/uploads\/2019\/02\/thumbnail_La-Messag\u00e8re-114x300.jpg\"\n\t\t\t\t\t\t     title=\"\"\n\t\t\t\t\t\t     style=\"display:none\">\n\n\t\t\t\t\t\t<img alt=\"D\u00e9tail La Messag\u00e8re\"\n\t\t\t\t\t\t     src=\"\" data-image=\"https:\/\/bernarduchene.org\/wp-content\/uploads\/2019\/03\/D\u00e9tail-La-Messag\u00e8re-1.jpg\"\n\t\t\t\t\t\t     data-thumb=\"https:\/\/bernarduchene.org\/wp-content\/uploads\/2019\/03\/D\u00e9tail-La-Messag\u00e8re-1-300x265.jpg\"\n\t\t\t\t\t\t     title=\"\"\n\t\t\t\t\t\t     style=\"display:none\">\n\n\t\t\t\t\t\t<img alt=\"Petit buste (20x20x20)\"\n\t\t\t\t\t\t     src=\"\" data-image=\"https:\/\/bernarduchene.org\/wp-content\/uploads\/2019\/03\/Petit-buste-20x20x20.png\"\n\t\t\t\t\t\t     data-thumb=\"https:\/\/bernarduchene.org\/wp-content\/uploads\/2019\/03\/Petit-buste-20x20x20-291x300.png\"\n\t\t\t\t\t\t     title=\"\"\n\t\t\t\t\t\t     style=\"display:none\">\n\n\t\t\t\t\t\t<img alt=\"Bernarduchene 1\"\n\t\t\t\t\t\t     src=\"\" data-image=\"https:\/\/bernarduchene.org\/wp-content\/uploads\/2018\/07\/bernarduchene-1.jpg\"\n\t\t\t\t\t\t     data-thumb=\"https:\/\/bernarduchene.org\/wp-content\/uploads\/2018\/07\/bernarduchene-1-300x275.jpg\"\n\t\t\t\t\t\t     title=\"\"\n\t\t\t\t\t\t     style=\"display:none\">\n\n\t\t\t\t\t\t<img alt=\"Bernarduchene 2\"\n\t\t\t\t\t\t     src=\"\" data-image=\"https:\/\/bernarduchene.org\/wp-content\/uploads\/2018\/07\/Bernarduchene-2.jpg\"\n\t\t\t\t\t\t     data-thumb=\"https:\/\/bernarduchene.org\/wp-content\/uploads\/2018\/07\/Bernarduchene-2-300x300.jpg\"\n\t\t\t\t\t\t     title=\"\"\n\t\t\t\t\t\t     style=\"display:none\">\n\n\t\t\t\t\t\t<img alt=\"La Rose (30x70)\"\n\t\t\t\t\t\t     src=\"\" data-image=\"https:\/\/bernarduchene.org\/wp-content\/uploads\/2019\/03\/La-Rose-30x70-1.jpg\"\n\t\t\t\t\t\t     data-thumb=\"https:\/\/bernarduchene.org\/wp-content\/uploads\/2019\/03\/La-Rose-30x70-1-131x300.jpg\"\n\t\t\t\t\t\t     title=\"\"\n\t\t\t\t\t\t     style=\"display:none\">\n\n\t\t\t\t\t\t<img alt=\"Exvoto au renard (30x35)\"\n\t\t\t\t\t\t     src=\"\" data-image=\"https:\/\/bernarduchene.org\/wp-content\/uploads\/2019\/03\/Exvoto-au-Renard-30x35-1.jpg\"\n\t\t\t\t\t\t     data-thumb=\"https:\/\/bernarduchene.org\/wp-content\/uploads\/2019\/03\/Exvoto-au-Renard-30x35-1-284x300.jpg\"\n\t\t\t\t\t\t     title=\"\"\n\t\t\t\t\t\t     style=\"display:none\">\n\n\t\t\t\t\t\t<img alt=\"Exvoto au blaireau (30x33)\"\n\t\t\t\t\t\t     src=\"\" data-image=\"https:\/\/bernarduchene.org\/wp-content\/uploads\/2019\/03\/Exvoto-au-blaireau-30x33-1.jpg\"\n\t\t\t\t\t\t     data-thumb=\"https:\/\/bernarduchene.org\/wp-content\/uploads\/2019\/03\/Exvoto-au-blaireau-30x33-1-266x300.jpg\"\n\t\t\t\t\t\t     title=\"\"\n\t\t\t\t\t\t     style=\"display:none\">\n\n\t\t\t\t\t\t<img alt=\"Peluches (25x25)\"\n\t\t\t\t\t\t     src=\"\" data-image=\"https:\/\/bernarduchene.org\/wp-content\/uploads\/2019\/03\/Peluches-25x25.jpg\"\n\t\t\t\t\t\t     data-thumb=\"https:\/\/bernarduchene.org\/wp-content\/uploads\/2019\/03\/Peluches-25x25-293x300.jpg\"\n\t\t\t\t\t\t     title=\"\"\n\t\t\t\t\t\t     style=\"display:none\">\n\n\t\t\t\t\t\t<img alt=\"Fils (50x50x8)\"\n\t\t\t\t\t\t     src=\"\" data-image=\"https:\/\/bernarduchene.org\/wp-content\/uploads\/2019\/03\/Fils-50x50x8-1.jpg\"\n\t\t\t\t\t\t     data-thumb=\"https:\/\/bernarduchene.org\/wp-content\/uploads\/2019\/03\/Fils-50x50x8-1-205x300.jpg\"\n\t\t\t\t\t\t     title=\"\"\n\t\t\t\t\t\t     style=\"display:none\">\n\n\t\t\t\t\t\t<img alt=\"Manteau\"\n\t\t\t\t\t\t     src=\"\" data-image=\"https:\/\/bernarduchene.org\/wp-content\/uploads\/2019\/03\/expo-2016-1.jpg\"\n\t\t\t\t\t\t     data-thumb=\"https:\/\/bernarduchene.org\/wp-content\/uploads\/2019\/03\/expo-2016-1-205x300.jpg\"\n\t\t\t\t\t\t     title=\"\"\n\t\t\t\t\t\t     style=\"display:none\">\n\n\t\t\t\t\t\t<img alt=\"D\u00e9tails manteau\"\n\t\t\t\t\t\t     src=\"\" data-image=\"https:\/\/bernarduchene.org\/wp-content\/uploads\/2019\/03\/D\u00e9tails-manteau.jpg\"\n\t\t\t\t\t\t     data-thumb=\"https:\/\/bernarduchene.org\/wp-content\/uploads\/2019\/03\/D\u00e9tails-manteau-300x200.jpg\"\n\t\t\t\t\t\t     title=\"\"\n\t\t\t\t\t\t     style=\"display:none\">\n\n\t\t\t\t\t\t<img alt=\"Maternit\u00e9 rouge\"\n\t\t\t\t\t\t     src=\"\" data-image=\"https:\/\/bernarduchene.org\/wp-content\/uploads\/2018\/02\/Maternit\u00e9-rouge-cbd.jpg\"\n\t\t\t\t\t\t     data-thumb=\"https:\/\/bernarduchene.org\/wp-content\/uploads\/2018\/02\/Maternit\u00e9-rouge-cbd-157x300.jpg\"\n\t\t\t\t\t\t     title=\"\"\n\t\t\t\t\t\t     style=\"display:none\">\n\n\t\t\t\t\t\t<img alt=\"D\u00e9tail Maternit\u00e9 rouge\"\n\t\t\t\t\t\t     src=\"\" data-image=\"https:\/\/bernarduchene.org\/wp-content\/uploads\/2019\/03\/D\u00e9tail-Maternit\u00e9-2.jpg\"\n\t\t\t\t\t\t     data-thumb=\"https:\/\/bernarduchene.org\/wp-content\/uploads\/2019\/03\/D\u00e9tail-Maternit\u00e9-2-224x300.jpg\"\n\t\t\t\t\t\t     title=\"\"\n\t\t\t\t\t\t     style=\"display:none\">\n\n\t\t\t\t\t\t<img alt=\"Face et dos (55x35x15)\"\n\t\t\t\t\t\t     src=\"\" data-image=\"https:\/\/bernarduchene.org\/wp-content\/uploads\/2019\/03\/Face-et-Dos-55x35x15.jpg\"\n\t\t\t\t\t\t     data-thumb=\"https:\/\/bernarduchene.org\/wp-content\/uploads\/2019\/03\/Face-et-Dos-55x35x15-300x226.jpg\"\n\t\t\t\t\t\t     title=\"\"\n\t\t\t\t\t\t     style=\"display:none\">\n\n\t\t\t\t\t\t<img alt=\"Buste de fils (50x35x15)\"\n\t\t\t\t\t\t     src=\"\" data-image=\"https:\/\/bernarduchene.org\/wp-content\/uploads\/2019\/03\/Buste-de-fils-50x35x15.jpg\"\n\t\t\t\t\t\t     data-thumb=\"https:\/\/bernarduchene.org\/wp-content\/uploads\/2019\/03\/Buste-de-fils-50x35x15-234x300.jpg\"\n\t\t\t\t\t\t     title=\"\"\n\t\t\t\t\t\t     style=\"display:none\">\n\n\t\t\t\t\t\t<img alt=\"Corsage suspendu (50x45x20)\"\n\t\t\t\t\t\t     src=\"\" data-image=\"https:\/\/bernarduchene.org\/wp-content\/uploads\/2019\/03\/Corsage-suspendu-50x45x20.jpg\"\n\t\t\t\t\t\t     data-thumb=\"https:\/\/bernarduchene.org\/wp-content\/uploads\/2019\/03\/Corsage-suspendu-50x45x20-220x300.jpg\"\n\t\t\t\t\t\t     title=\"\"\n\t\t\t\t\t\t     style=\"display:none\">\n\n\t\t\t\t\t\t<img alt=\"Justine (70x40x25)\"\n\t\t\t\t\t\t     src=\"\" data-image=\"https:\/\/bernarduchene.org\/wp-content\/uploads\/2019\/03\/Justine-70x40x25.jpg\"\n\t\t\t\t\t\t     data-thumb=\"https:\/\/bernarduchene.org\/wp-content\/uploads\/2019\/03\/Justine-70x40x25-187x300.jpg\"\n\t\t\t\t\t\t     title=\"\"\n\t\t\t\t\t\t     style=\"display:none\">\n\t\t\t<\/div>\n\n\n\t\t\t<!-- END UNITEGALLERY --><\/p>\n","protected":false},"excerpt":{"rendered":"<p>Le lien est le fil conducteur de mon travail. Aujourd\u2019hui je couds mes toiles, les fils sont l\u00e0 pour retenir les \u00e9l\u00e9ments et les enserrer dans un cocon. La couture assemble, r\u00e9pare, retient. Les fils peints ont pris corps et sont devenus r\u00e9alit\u00e9. Je r\u00e9alise des corsages de fils et de tissus, des robes all\u00e9goriques, &hellip; <\/p>\n<p class=\"link-more\"><a href=\"https:\/\/bernarduchene.org\/index.php\/fils-liens-et-tissus-2\/\" class=\"more-link\">Continuer la lecture<span class=\"screen-reader-text\"> de &laquo;&nbsp;Fils, liens et tissus&nbsp;&raquo;<\/span><\/a><\/p>\n","protected":false},"author":2,"featured_media":71,"parent":0,"menu_order":1,"comment_status":"closed","ping_status":"closed","template":"","meta":{"footnotes":""},"_links":{"self":[{"href":"https:\/\/bernarduchene.org\/index.php\/wp-json\/wp\/v2\/pages\/10"}],"collection":[{"href":"https:\/\/bernarduchene.org\/index.php\/wp-json\/wp\/v2\/pages"}],"about":[{"href":"https:\/\/bernarduchene.org\/index.php\/wp-json\/wp\/v2\/types\/page"}],"author":[{"embeddable":true,"href":"https:\/\/bernarduchene.org\/index.php\/wp-json\/wp\/v2\/users\/2"}],"replies":[{"embeddable":true,"href":"https:\/\/bernarduchene.org\/index.php\/wp-json\/wp\/v2\/comments?post=10"}],"version-history":[{"count":22,"href":"https:\/\/bernarduchene.org\/index.php\/wp-json\/wp\/v2\/pages\/10\/revisions"}],"predecessor-version":[{"id":826,"href":"https:\/\/bernarduchene.org\/index.php\/wp-json\/wp\/v2\/pages\/10\/revisions\/826"}],"wp:featuredmedia":[{"embeddable":true,"href":"https:\/\/bernarduchene.org\/index.php\/wp-json\/wp\/v2\/media\/71"}],"wp:attachment":[{"href":"https:\/\/bernarduchene.org\/index.php\/wp-json\/wp\/v2\/media?parent=10"}],"curies":[{"name":"wp","href":"https:\/\/api.w.org\/{rel}","templated":true}]}}