{"id":344,"date":"2018-01-22T11:07:09","date_gmt":"2018-01-22T10:07:09","guid":{"rendered":"http:\/\/bernarduchene.org\/?page_id=344"},"modified":"2019-03-10T20:23:21","modified_gmt":"2019-03-10T19:23:21","slug":"lenlevement-deurope","status":"publish","type":"page","link":"https:\/\/bernarduchene.org\/index.php\/lenlevement-deurope\/","title":{"rendered":"L&rsquo;enl\u00e8vement d&rsquo;Europe"},"content":{"rendered":"<blockquote>\n<p style=\"text-align: left;\">Zeus s&rsquo;\u00e9prit d&rsquo;Europe sous la forme d&rsquo;un taureau blanc, ses deux cornes semblables \u00e0 un croissant de lune.<br \/>\nSous cette apparence il se couche aux pieds de la jeune fille.<br \/>\nEurope, effray\u00e9e, s&rsquo;enhardit, puis caresse l&rsquo;animal et s&rsquo;assoit sur son dos.<br \/>\nLe taureau s&rsquo;\u00e9lance vers la mer, p\u00e9n\u00e8tre dans les flots et parvint en Cr\u00e8te o\u00f9 il s\u2019unit \u00e0 Europe.<\/p>\n<\/blockquote>\n<h5 style=\"text-align: left;\">Dans ce travail le taureau blanc est le danger<br \/>\ndont les jeunes filles doivent se garder.<br \/>\nJe con\u00e7ois un manteau protecteur dont elles devraient se v\u00eatir.<\/h5>\n<p>&nbsp;<\/p>\n<figure id=\"attachment_362\" aria-describedby=\"caption-attachment-362\" style=\"width: 525px\" class=\"wp-caption aligncenter\"><img loading=\"lazy\" decoding=\"async\" class=\"wp-image-362 size-large alignleft\" src=\"https:\/\/bernarduchene.org\/wp-content\/uploads\/2018\/01\/Europe-2-81x116-20-722x1024.jpg\" alt=\"\" width=\"525\" height=\"745\" srcset=\"https:\/\/bernarduchene.org\/wp-content\/uploads\/2018\/01\/Europe-2-81x116-20-722x1024.jpg 722w, https:\/\/bernarduchene.org\/wp-content\/uploads\/2018\/01\/Europe-2-81x116-20-212x300.jpg 212w, https:\/\/bernarduchene.org\/wp-content\/uploads\/2018\/01\/Europe-2-81x116-20-768x1089.jpg 768w, https:\/\/bernarduchene.org\/wp-content\/uploads\/2018\/01\/Europe-2-81x116-20-542x768.jpg 542w, https:\/\/bernarduchene.org\/wp-content\/uploads\/2018\/01\/Europe-2-81x116-20.jpg 2000w\" sizes=\"(max-width: 525px) 100vw, 525px\" \/><figcaption id=\"caption-attachment-362\" class=\"wp-caption-text\">Europe 2<\/figcaption><\/figure>\n<p style=\"text-align: center;\">\r\n\t\t\t\t\t\n\r\n\t\t\t\t\t<!-- START UNITE GALLERY 1.7.62 -->\r\n\t\t\t\t\t\r\n\t\t\t\t\n\t\t\t<div id='unitegallery_7_1' class='unite-gallery' style='margin:0px auto;margin-top:10px;margin-bottom:10px;'>\n\t\t\t\t\n\n\t\t\t\t\t\t<img alt=\"Taureau blanc Enl\u00e8vement d'Europe\"\n\t\t\t\t\t\t     src=\"\" data-image=\"https:\/\/bernarduchene.org\/wp-content\/uploads\/2018\/01\/taureau_02-1.jpg\"\n\t\t\t\t\t\t     data-thumb=\"https:\/\/bernarduchene.org\/wp-content\/uploads\/2018\/01\/taureau_02-1-294x300.jpg\"\n\t\t\t\t\t\t     title=\"\"\n\t\t\t\t\t\t     style=\"display:none\">\n\n\t\t\t\t\t\t<img alt=\"Europe\"\n\t\t\t\t\t\t     src=\"\" data-image=\"https:\/\/bernarduchene.org\/wp-content\/uploads\/2018\/01\/Europe.jpg\"\n\t\t\t\t\t\t     data-thumb=\"https:\/\/bernarduchene.org\/wp-content\/uploads\/2018\/01\/Europe-136x300.jpg\"\n\t\t\t\t\t\t     title=\"\"\n\t\t\t\t\t\t     style=\"display:none\">\n\n\t\t\t\t\t\t<img alt=\"Projet du manteau\"\n\t\t\t\t\t\t     src=\"\" data-image=\"https:\/\/bernarduchene.org\/wp-content\/uploads\/2018\/01\/LEnl\u00e8vement-dEurope-3_02.jpg\"\n\t\t\t\t\t\t     data-thumb=\"https:\/\/bernarduchene.org\/wp-content\/uploads\/2018\/01\/LEnl\u00e8vement-dEurope-3_02-221x300.jpg\"\n\t\t\t\t\t\t     title=\"\"\n\t\t\t\t\t\t     style=\"display:none\">\n\n\t\t\t\t\t\t<img alt=\"Manteau des Affres 1\"\n\t\t\t\t\t\t     src=\"\" data-image=\"https:\/\/bernarduchene.org\/wp-content\/uploads\/2018\/01\/Manteau-des-Affres-1.jpg\"\n\t\t\t\t\t\t     data-thumb=\"https:\/\/bernarduchene.org\/wp-content\/uploads\/2018\/01\/Manteau-des-Affres-1-225x300.jpg\"\n\t\t\t\t\t\t     title=\"\"\n\t\t\t\t\t\t     style=\"display:none\">\n\n\t\t\t\t\t\t<img alt=\"Dessous\"\n\t\t\t\t\t\t     src=\"\" data-image=\"https:\/\/bernarduchene.org\/wp-content\/uploads\/2018\/01\/Dessous-2.jpg\"\n\t\t\t\t\t\t     data-thumb=\"https:\/\/bernarduchene.org\/wp-content\/uploads\/2018\/01\/Dessous-2-170x300.jpg\"\n\t\t\t\t\t\t     title=\"\"\n\t\t\t\t\t\t     style=\"display:none\">\n\n\t\t\t\t\t\t<img alt=\"Manteau-pr\u00e9sentation_02\"\n\t\t\t\t\t\t     src=\"\" data-image=\"https:\/\/bernarduchene.org\/wp-content\/uploads\/2018\/01\/Manteau-pr\u00e9sentation_02.jpg\"\n\t\t\t\t\t\t     data-thumb=\"https:\/\/bernarduchene.org\/wp-content\/uploads\/2018\/01\/Manteau-pr\u00e9sentation_02-300x220.jpg\"\n\t\t\t\t\t\t     title=\"\"\n\t\t\t\t\t\t     style=\"display:none\">\n\n\t\t\t\t\t\t<img alt=\"100x100-367-Manteau(18)\"\n\t\t\t\t\t\t     src=\"\" data-image=\"https:\/\/bernarduchene.org\/wp-content\/uploads\/2018\/01\/100x100-367-Manteau18.jpg\"\n\t\t\t\t\t\t     data-thumb=\"https:\/\/bernarduchene.org\/wp-content\/uploads\/2018\/01\/100x100-367-Manteau18-169x300.jpg\"\n\t\t\t\t\t\t     title=\"\"\n\t\t\t\t\t\t     style=\"display:none\">\n\n\t\t\t\t\t\t<img alt=\"Manteau-d\u00e9tail-(1)\"\n\t\t\t\t\t\t     src=\"\" data-image=\"https:\/\/bernarduchene.org\/wp-content\/uploads\/2018\/01\/Manteau-d\u00e9tail-1.jpg\"\n\t\t\t\t\t\t     data-thumb=\"https:\/\/bernarduchene.org\/wp-content\/uploads\/2018\/01\/Manteau-d\u00e9tail-1-300x200.jpg\"\n\t\t\t\t\t\t     title=\"\"\n\t\t\t\t\t\t     style=\"display:none\">\n\n\t\t\t\t\t\t<img alt=\"Manteau-d\u00e9tail-(2)\"\n\t\t\t\t\t\t     src=\"\" data-image=\"https:\/\/bernarduchene.org\/wp-content\/uploads\/2018\/01\/Manteau-d\u00e9tail-2.jpg\"\n\t\t\t\t\t\t     data-thumb=\"https:\/\/bernarduchene.org\/wp-content\/uploads\/2018\/01\/Manteau-d\u00e9tail-2-300x242.jpg\"\n\t\t\t\t\t\t     title=\"\"\n\t\t\t\t\t\t     style=\"display:none\">\n\n\t\t\t\t\t\t<img alt=\"Manteau-d\u00e9tail-(3)\"\n\t\t\t\t\t\t     src=\"\" data-image=\"https:\/\/bernarduchene.org\/wp-content\/uploads\/2018\/01\/Manteau-d\u00e9tail-3.jpg\"\n\t\t\t\t\t\t     data-thumb=\"https:\/\/bernarduchene.org\/wp-content\/uploads\/2018\/01\/Manteau-d\u00e9tail-3-300x200.jpg\"\n\t\t\t\t\t\t     title=\"\"\n\t\t\t\t\t\t     style=\"display:none\">\n\n\t\t\t\t\t\t<img alt=\"Corps cousu 130x97\"\n\t\t\t\t\t\t     src=\"\" data-image=\"https:\/\/bernarduchene.org\/wp-content\/uploads\/2019\/03\/Corps-cousu-130x97.jpg\"\n\t\t\t\t\t\t     data-thumb=\"https:\/\/bernarduchene.org\/wp-content\/uploads\/2019\/03\/Corps-cousu-130x97-217x300.jpg\"\n\t\t\t\t\t\t     title=\"\"\n\t\t\t\t\t\t     style=\"display:none\">\n\n\t\t\t\t\t\t<img alt=\"Jeune fille n\u00b01 60x120\"\n\t\t\t\t\t\t     src=\"\" data-image=\"https:\/\/bernarduchene.org\/wp-content\/uploads\/2018\/01\/Europe-2-81x116-20.jpg\"\n\t\t\t\t\t\t     data-thumb=\"https:\/\/bernarduchene.org\/wp-content\/uploads\/2018\/01\/Europe-2-81x116-20-212x300.jpg\"\n\t\t\t\t\t\t     title=\"\"\n\t\t\t\t\t\t     style=\"display:none\">\n\n\t\t\t\t\t\t<img alt=\"Jeune Fille n\u00b02 60x120\"\n\t\t\t\t\t\t     src=\"\" data-image=\"https:\/\/bernarduchene.org\/wp-content\/uploads\/2019\/03\/Jeune-Fille-2-60x120.jpg\"\n\t\t\t\t\t\t     data-thumb=\"https:\/\/bernarduchene.org\/wp-content\/uploads\/2019\/03\/Jeune-Fille-2-60x120-150x300.jpg\"\n\t\t\t\t\t\t     title=\"\"\n\t\t\t\t\t\t     style=\"display:none\">\n\n\t\t\t\t\t\t<img alt=\"Jeune fille n\u00b03\"\n\t\t\t\t\t\t     src=\"\" data-image=\"https:\/\/bernarduchene.org\/wp-content\/uploads\/2019\/03\/Jeune-fille-no3.jpg\"\n\t\t\t\t\t\t     data-thumb=\"https:\/\/bernarduchene.org\/wp-content\/uploads\/2019\/03\/Jeune-fille-no3-218x300.jpg\"\n\t\t\t\t\t\t     title=\"\"\n\t\t\t\t\t\t     style=\"display:none\">\n\t\t\t<\/div>\n\n\t\t\t<script type='text\/javascript'>\n\t\t\t\twindow.onload = function(e) {\n\t\t\t\t\tif(typeof ugCheckForErrors == \"undefined\"){\n\t\t\t\t\t\tdocument.getElementById(\"unitegallery_7_1\").innerHTML = \"<span style='color:red'>Unite Gallery Error - gallery js and css files not included in the footer. Please make sure that wp_footer() function is added to your theme.<\/span>\";}\n\t\t\t\t\telse{ ugCheckForErrors(\"unitegallery_7_1\", \"jquery\");}\n\t\t\t\t};\n\t\t\t<\/script>\n\n\t\t\t<!-- END UNITEGALLERY --><\/p>\n","protected":false},"excerpt":{"rendered":"<p>Zeus s&rsquo;\u00e9prit d&rsquo;Europe sous la forme d&rsquo;un taureau blanc, ses deux cornes semblables \u00e0 un croissant de lune. Sous cette apparence il se couche aux pieds de la jeune fille. Europe, effray\u00e9e, s&rsquo;enhardit, puis caresse l&rsquo;animal et s&rsquo;assoit sur son dos. Le taureau s&rsquo;\u00e9lance vers la mer, p\u00e9n\u00e8tre dans les flots et parvint en Cr\u00e8te &hellip; <\/p>\n<p class=\"link-more\"><a href=\"https:\/\/bernarduchene.org\/index.php\/lenlevement-deurope\/\" class=\"more-link\">Continuer la lecture<span class=\"screen-reader-text\"> de &laquo;&nbsp;L&rsquo;enl\u00e8vement d&rsquo;Europe&nbsp;&raquo;<\/span><\/a><\/p>\n","protected":false},"author":2,"featured_media":628,"parent":0,"menu_order":0,"comment_status":"closed","ping_status":"closed","template":"","meta":{"footnotes":""},"_links":{"self":[{"href":"https:\/\/bernarduchene.org\/index.php\/wp-json\/wp\/v2\/pages\/344"}],"collection":[{"href":"https:\/\/bernarduchene.org\/index.php\/wp-json\/wp\/v2\/pages"}],"about":[{"href":"https:\/\/bernarduchene.org\/index.php\/wp-json\/wp\/v2\/types\/page"}],"author":[{"embeddable":true,"href":"https:\/\/bernarduchene.org\/index.php\/wp-json\/wp\/v2\/users\/2"}],"replies":[{"embeddable":true,"href":"https:\/\/bernarduchene.org\/index.php\/wp-json\/wp\/v2\/comments?post=344"}],"version-history":[{"count":28,"href":"https:\/\/bernarduchene.org\/index.php\/wp-json\/wp\/v2\/pages\/344\/revisions"}],"predecessor-version":[{"id":814,"href":"https:\/\/bernarduchene.org\/index.php\/wp-json\/wp\/v2\/pages\/344\/revisions\/814"}],"wp:featuredmedia":[{"embeddable":true,"href":"https:\/\/bernarduchene.org\/index.php\/wp-json\/wp\/v2\/media\/628"}],"wp:attachment":[{"href":"https:\/\/bernarduchene.org\/index.php\/wp-json\/wp\/v2\/media?parent=344"}],"curies":[{"name":"wp","href":"https:\/\/api.w.org\/{rel}","templated":true}]}}